{"id":363,"date":"2016-01-29T09:51:22","date_gmt":"2016-01-29T09:51:22","guid":{"rendered":"https:\/\/domoscurinanco.cl\/index.php\/home\/"},"modified":"2026-04-16T04:38:56","modified_gmt":"2026-04-16T04:38:56","slug":"home","status":"publish","type":"page","link":"https:\/\/domoscurinanco.cl\/","title":{"rendered":"Home"},"content":{"rendered":"<div class=\"wpb-content-wrapper\"><p>[vc_row full_width=\u00bbstretch_row\u00bb bg_type=\u00bbimage\u00bb parallax_style=\u00bbvcpb-default\u00bb bg_image_new=\u00bbid^2334|url^https:\/\/domoscurinanco.cl\/wp-content\/uploads\/2026\/03\/fondo.jpg|caption^null|alt^null|title^fondo|description^null\u00bb type=\u00bbvc_default\u00bb css=\u00bb.vc_custom_1774908328427{padding-top: 70px !important;padding-bottom: 20px !important;}\u00bb][vc_column css=\u00bb.vc_custom_1774906563958{padding-bottom: 10px !important;}\u00bb]<div id=\"ultimate-heading-944269f34da865a47\" class=\"uvc-heading ult-adjust-bottom-margin ultimate-heading-944269f34da865a47 uvc-5488 accent-border-color\" data-hspacer=\"line_only\"  data-halign=\"left\" style=\"text-align:left\"><div class=\"uvc-main-heading ult-responsive\"  data-ultimate-target='.uvc-heading.ultimate-heading-944269f34da865a47 h2'  data-responsive-json-new='{\"font-size\":\"desktop:26px;\",\"line-height\":\"desktop:32px;\"}' ><h2 style=\"font-weight:bold;margin-bottom:20px;\">Bienvenidos \/ Welcome<\/h2><\/div><div class=\"uvc-heading-spacer line_only\" style=\"topheight:1px;\"><span class=\"uvc-headings-line\" style=\"border-style:solid;border-bottom-width:1px;border-color:#ccc;width:autopx;\"><\/span><\/div><\/div>[vc_separator color=\u00bbwhite\u00bb css=\u00bb\u00bb]<div class=\"aio-icon-component  vc_custom_1774907318399  accent-icon-bg style_1\"><div id=\"Info-box-wrap-9055\" class=\"aio-icon-box left-icon\" style=\"\"  ><div class=\"aio-icon-left\"><div class=\"ult-just-icon-wrapper  \"><div class=\"align-icon\" style=\"text-align:center;\">\n<div class=\"aio-icon-img \" style=\"font-size:100px;display:inline-block;\" data-animation=\"fadeInLeft\" data-animation-delay=\"03\">\n\t<img decoding=\"async\" class=\"img-icon\" alt=\"null\" src=\"https:\/\/domoscurinanco.cl\/wp-content\/uploads\/2026\/03\/IMG_20230226_001050_711.jpg\"\/>\n<\/div><\/div><\/div><\/div><div class=\"aio-ibd-block\"><div class=\"aio-icon-header\" ><h3 class=\"aio-icon-title ult-responsive\"  data-ultimate-target='#Info-box-wrap-9055 .aio-icon-title'  data-responsive-json-new='{\"font-size\":\"desktop:20px;\",\"line-height\":\"desktop:26px;\"}'  style=\"\">DOMOS CURI\u00d1ANCO<\/h3><\/div> <!-- header --><div class=\"aio-icon-description ult-responsive\"  data-ultimate-target='#Info-box-wrap-9055 .aio-icon-description'  data-responsive-json-new='{\"font-size\":\"\",\"line-height\":\"\"}'  style=\"\">Dispondemos de 4 domos. Todos full equipados, con bajada a la playa y una imponente vista al mar<\/div> <!-- description --><\/div> <!-- aio-ibd-block --><\/div> <!-- aio-icon-box --><\/div> <!-- aio-icon-component --><div class=\"aio-icon-component  vc_custom_1774907326599  accent-icon-bg style_1\"><div id=\"Info-box-wrap-1188\" class=\"aio-icon-box left-icon\" style=\"\"  ><div class=\"aio-icon-left\"><div class=\"ult-just-icon-wrapper  \"><div class=\"align-icon\" style=\"text-align:center;\">\n<div class=\"aio-icon-img \" style=\"font-size:100px;display:inline-block;\" data-animation=\"fadeInLeft\" data-animation-delay=\"03\">\n\t<img decoding=\"async\" class=\"img-icon\" alt=\"null\" src=\"https:\/\/domoscurinanco.cl\/wp-content\/uploads\/2026\/03\/222-1.jpg\"\/>\n<\/div><\/div><\/div><\/div><div class=\"aio-ibd-block\"><div class=\"aio-icon-header\" ><h3 class=\"aio-icon-title ult-responsive\"  data-ultimate-target='#Info-box-wrap-1188 .aio-icon-title'  data-responsive-json-new='{\"font-size\":\"desktop:20px;\",\"line-height\":\"desktop:26px;\"}'  style=\"\">Tinajas Calientes<\/h3><\/div> <!-- header --><div class=\"aio-icon-description ult-responsive\"  data-ultimate-target='#Info-box-wrap-1188 .aio-icon-description'  data-responsive-json-new='{\"font-size\":\"\",\"line-height\":\"\"}'  style=\"\">Cada domo posee su propia tinaja privada a le\u00f1a, Cuenta con vista al mar y su uso es ilimitado durante el d\u00eda. (uso opcional)<\/div> <!-- description --><\/div> <!-- aio-ibd-block --><\/div> <!-- aio-icon-box --><\/div> <!-- aio-icon-component --><div class=\"aio-icon-component  vc_custom_1774897569625  accent-icon-bg style_1\"><div id=\"Info-box-wrap-9312\" class=\"aio-icon-box left-icon\" style=\"\"  ><div class=\"aio-icon-left\"><div class=\"ult-just-icon-wrapper  \"><div class=\"align-icon\" style=\"text-align:center;\">\n<div class=\"aio-icon-img \" style=\"font-size:100px;display:inline-block;\" data-animation=\"fadeInLeft\" data-animation-delay=\"03\">\n\t<img decoding=\"async\" class=\"img-icon\" alt=\"null\" src=\"https:\/\/domoscurinanco.cl\/wp-content\/uploads\/2026\/03\/30.png\"\/>\n<\/div><\/div><\/div><\/div><div class=\"aio-ibd-block\"><div class=\"aio-icon-header\" ><h3 class=\"aio-icon-title ult-responsive\"  data-ultimate-target='#Info-box-wrap-9312 .aio-icon-title'  data-responsive-json-new='{\"font-size\":\"desktop:20px;\",\"line-height\":\"desktop:26px;\"}'  style=\"\">Parrillas & Asados<\/h3><\/div> <!-- header --><div class=\"aio-icon-description ult-responsive\"  data-ultimate-target='#Info-box-wrap-9312 .aio-icon-description'  data-responsive-json-new='{\"font-size\":\"\",\"line-height\":\"\"}'  style=\"\">Cada domo posee un lugar habilitado para realizar parrilladas y asados. Incluye parrilla, sillas y mesa.<\/div> <!-- description --><\/div> <!-- aio-ibd-block --><\/div> <!-- aio-icon-box --><\/div> <!-- aio-icon-component --><div class=\"aio-icon-component  vc_custom_1774897633721  accent-icon-bg style_1\"><div id=\"Info-box-wrap-4798\" class=\"aio-icon-box left-icon\" style=\"\"  ><div class=\"aio-icon-left\"><div class=\"ult-just-icon-wrapper  \"><div class=\"align-icon\" style=\"text-align:center;\">\n<div class=\"aio-icon-img \" style=\"font-size:100px;display:inline-block;\" data-animation=\"fadeInLeft\" data-animation-delay=\"03\">\n\t<img decoding=\"async\" class=\"img-icon\" alt=\"null\" src=\"https:\/\/domoscurinanco.cl\/wp-content\/uploads\/2026\/03\/333333.jpg\"\/>\n<\/div><\/div><\/div><\/div><div class=\"aio-ibd-block\"><div class=\"aio-icon-header\" ><h3 class=\"aio-icon-title ult-responsive\"  data-ultimate-target='#Info-box-wrap-4798 .aio-icon-title'  data-responsive-json-new='{\"font-size\":\"desktop:20px;\",\"line-height\":\"desktop:26px;\"}'  style=\"\">Sal\u00f3n de eventos<\/h3><\/div> <!-- header --><div class=\"aio-icon-description ult-responsive\"  data-ultimate-target='#Info-box-wrap-4798 .aio-icon-description'  data-responsive-json-new='{\"font-size\":\"\",\"line-height\":\"\"}'  style=\"\">Quincho privado de 40 mts\/2, full equipado, con todas las comodidades para que Ud pueda celebrar eventos. Capacidad max 15 personas.<\/div> <!-- description --><\/div> <!-- aio-ibd-block --><\/div> <!-- aio-icon-box --><\/div> <!-- aio-icon-component --><div class=\"aio-icon-component  vc_custom_1774897667801  accent-icon-bg style_1\"><div id=\"Info-box-wrap-5783\" class=\"aio-icon-box left-icon\" style=\"\"  ><div class=\"aio-icon-left\"><div class=\"ult-just-icon-wrapper  \"><div class=\"align-icon\" style=\"text-align:center;\">\n<div class=\"aio-icon-img \" style=\"font-size:100px;display:inline-block;\" data-animation=\"fadeInLeft\" data-animation-delay=\"03\">\n\t<img decoding=\"async\" class=\"img-icon\" alt=\"null\" src=\"https:\/\/domoscurinanco.cl\/wp-content\/uploads\/2026\/03\/DSC01843-scaled.jpg\"\/>\n<\/div><\/div><\/div><\/div><div class=\"aio-ibd-block\"><div class=\"aio-icon-header\" ><h3 class=\"aio-icon-title ult-responsive\"  data-ultimate-target='#Info-box-wrap-5783 .aio-icon-title'  data-responsive-json-new='{\"font-size\":\"desktop:20px;\",\"line-height\":\"desktop:26px;\"}'  style=\"\">Amplias Terrazas<\/h3><\/div> <!-- header --><div class=\"aio-icon-description ult-responsive\"  data-ultimate-target='#Info-box-wrap-5783 .aio-icon-description'  data-responsive-json-new='{\"font-size\":\"\",\"line-height\":\"\"}'  style=\"\">Cada domo cuenta con su propia terraza con una espectacular vista al mar y a la puesta de sol. Equipadas con mesas, sillas y columpios.<\/div> <!-- description --><\/div> <!-- aio-ibd-block --><\/div> <!-- aio-icon-box --><\/div> <!-- aio-icon-component -->[vc_separator color=\u00bbwhite\u00bb css=\u00bb\u00bb][vc_column_text css=\u00bb.vc_custom_1775222685773{padding-bottom: 10px !important;}\u00bb]<\/p>\n<p style=\"text-align: left;\">Te damos la bienvenida a un lugar donde la naturaleza, el descanso y la belleza del sur de Chile se encuentran frente al mar. En Domos Curi\u00f1anco hemos creado un espacio pensado para quienes buscan desconectarse de la rutina y reconectar con lo esencial: el sonido de las olas, el aire puro y la tranquilidad de un entorno \u00fanico.<\/p>\n<p style=\"text-align: left;\">Ubicados a 25 kil\u00f3metros de Valdivia y a orillas de playa de Curi\u00f1anco, nuestros domos combinan comodidad y contacto con la naturaleza, ofreciendo una experiencia acogedora en medio de paisajes privilegiados, bosques nativos y atardeceres inolvidables.<\/p>\n<p style=\"text-align: left;\">Aqu\u00ed podr\u00e1s despertar con la brisa marina, recorrer senderos naturales, contemplar el oc\u00e9ano y disfrutar momentos de calma y descanso en un ambiente familiar y cercano.<\/p>\n<p style=\"text-align: left;\">Te invitamos a vivir una experiencia diferente, donde cada estad\u00eda se transforma en un recuerdo especial.<\/p>\n<p>[\/vc_column_text][\/vc_column][\/vc_row][vc_row equal_height=\u00bbyes\u00bb content_placement=\u00bbmiddle\u00bb bg_type=\u00bbu_iframe\u00bb video_poster=\u00bbid^2341|url^https:\/\/domoscurinanco.cl\/wp-content\/uploads\/2026\/04\/Entre_el_mar_y_el_cielo.jpg|caption^null|alt^null|title^Entre_el_mar_y_el_cielo|description^null\u00bb bg_override=\u00bbex-full\u00bb type=\u00bbvc_default\u00bb css=\u00bb.vc_custom_1775010000007{padding-top: 70px !important;padding-bottom: 50px !important;}\u00bb][vc_column css=\u00bb.vc_custom_1496420271943{padding-bottom: 60px !important;}\u00bb]<div id=\"ultimate-heading-759969f34da8661d1\" class=\"uvc-heading ult-adjust-bottom-margin ultimate-heading-759969f34da8661d1 uvc-4563 accent-border-color\" data-hspacer=\"line_only\"  data-halign=\"center\" style=\"text-align:center\"><div class=\"uvc-main-heading ult-responsive\"  data-ultimate-target='.uvc-heading.ultimate-heading-759969f34da8661d1 h2'  data-responsive-json-new='{\"font-size\":\"desktop:40px;\",\"line-height\":\"desktop:46px;\"}' ><h2 style=\"font-weight:bold;color:#FFFFFF;margin-bottom:15px;\">PREGUNTAS FRECUENTES<\/h2><\/div><div class=\"uvc-heading-spacer line_only\" style=\"topheight:5px;\"><span class=\"uvc-headings-line\" style=\"border-style:solid;border-bottom-width:5px;border-color:;width:200px;\"><\/span><\/div><\/div>[vc_separator color=\u00bbwhite\u00bb css=\u00bb\u00bb][vc_toggle title=\u00bb\u00bfHORARIO DE ENTRADA Y SALIDA?\u00bb color=\u00bbwhite\u00bb custom_font_container=\u00bbtag:h3|text_align:left|color:%23FFFFFF\u00bb custom_use_theme_fonts=\u00bbyes\u00bb css=\u00bb\u00bb use_custom_heading=\u00bbtrue\u00bb]<span style=\"color: #ffffff;\">CHEK-IN A PARTIR DE LAS 15:00HRS.<\/span><\/p>\n<p><span style=\"color: #ffffff;\">CHEK-OUT A PARTIR DE LAS 12:00HRS.<\/span>[\/vc_toggle][vc_toggle title=\u00bb\u00bfHASTA QUE HORA SE PUEDE INGRESAR?\u00bb color=\u00bbwhite\u00bb custom_font_container=\u00bbtag:h2|text_align:left|color:%23FFFFFF\u00bb custom_use_theme_fonts=\u00bbyes\u00bb css=\u00bb\u00bb use_custom_heading=\u00bbtrue\u00bb]<span style=\"color: #ffffff;\">Atendemos hasta las 21:00hrs. Si Ud llega despu\u00e9s de ese horario debe coordinar por interno con la administraci\u00f3n para ver la forma de hacerle entrega de las llaves de acceso.<\/span>[\/vc_toggle][vc_toggle title=\u00bb\u00bfES POSIBLE RETIRARSE MAS TARDE DEL CHECK-OUT?\u00bb color=\u00bbwhite\u00bb custom_font_container=\u00bbtag:h2|text_align:left|color:%23FFFFFF\u00bb custom_use_theme_fonts=\u00bbyes\u00bb css=\u00bb\u00bb use_custom_heading=\u00bbtrue\u00bb]<span style=\"color: #ffffff;\">Si se puede realizar Late chek-out, pero tiene un valor de $6.000 por hora y esta sujeto a disponibilidad<\/span>[\/vc_toggle][vc_toggle title=\u00bb\u00bfNI\u00d1OS Y NI\u00d1OS PAGAN?\u00bb color=\u00bbwhite\u00bb custom_font_container=\u00bbtag:h2|text_align:left|color:%23FFFFFF\u00bb custom_use_theme_fonts=\u00bbyes\u00bb css=\u00bb\u00bb use_custom_heading=\u00bbtrue\u00bb]<span style=\"color: #ffffff;\">Ni\u00f1as y ni\u00f1os pagan a partir de los 5 a\u00f1os de edad.<\/span>[\/vc_toggle][vc_toggle title=\u00bb\u00bfTIENEN INTERNET?\u00bb color=\u00bbwhite\u00bb custom_font_container=\u00bbtag:h2|text_align:left|color:%23FFFFFF\u00bb custom_use_theme_fonts=\u00bbyes\u00bb css=\u00bb\u00bb use_custom_heading=\u00bbtrue\u00bb]<span style=\"color: #ffffff;\">Si, cada domo tiene internet y su clave de acceso esta pegado en la pared<\/span>[\/vc_toggle][vc_toggle title=\u00bb\u00bfACEPTAN MASCOTAS?\u00bb color=\u00bbwhite\u00bb custom_font_container=\u00bbtag:h2|text_align:left|color:%23FFFFFF\u00bb custom_use_theme_fonts=\u00bbyes\u00bb css=\u00bb\u00bb use_custom_heading=\u00bbtrue\u00bb]<span style=\"color: #ffffff;\">Aceptamos solo mascotas peque\u00f1as de m\u00e1ximo 8 kilos de peso, con el compromiso de una tenencia responsable y limpieza de sus desechos.<\/span>[\/vc_toggle][vc_toggle title=\u00bb\u00bfSE PUEDE FUMAR?\u00bb color=\u00bbwhite\u00bb custom_font_container=\u00bbtag:h2|text_align:left|color:%23FFFFFF\u00bb custom_use_theme_fonts=\u00bbyes\u00bb css=\u00bb\u00bb use_custom_heading=\u00bbtrue\u00bb]<span style=\"color: #ffffff;\">Esta estrictamente prohibido fumar dentro de los domos. Tenemos ceniceros habilitados afuera.<\/span>[\/vc_toggle][vc_toggle title=\u00bb\u00bfCON CUANTA ANTICIPACION DEBO RESERVAR?\u00bb color=\u00bbwhite\u00bb custom_font_container=\u00bbtag:h2|text_align:left|color:%23FFFFFF\u00bb custom_use_theme_fonts=\u00bbyes\u00bb css=\u00bb\u00bb use_custom_heading=\u00bbtrue\u00bb]<span style=\"color: #ffffff;\">No tenemos l\u00edmite de tiempo para realizar reservas con anticipaci\u00f3n. Contra antes Ud reserve mejor<\/span>[\/vc_toggle][vc_toggle title=\u00bb\u00bfCOMO RESERVO?\u00bb color=\u00bbwhite\u00bb custom_font_container=\u00bbtag:h2|text_align:left|color:%23FFFFFF\u00bb custom_use_theme_fonts=\u00bbyes\u00bb css=\u00bb\u00bb use_custom_heading=\u00bbtrue\u00bb]<span style=\"color: #ffffff;\">Se reserva contra un 50% por adelantado a nuestra cuenta empresa<\/span>[\/vc_toggle][vc_toggle title=\u00bb\u00bfREALIZAN DEVOLUCIONES?\u00bb color=\u00bbwhite\u00bb custom_font_container=\u00bbtag:h2|text_align:left|color:%23FFFFFF\u00bb custom_use_theme_fonts=\u00bbyes\u00bb css=\u00bb\u00bb use_custom_heading=\u00bbtrue\u00bb]<span style=\"color: #ffffff;\">No realizamos devoluciones, pero si realizamos la postergaci\u00f3n de su estad\u00eda en caso de que no pueda viajar. Para hacer v\u00e1lida su postergaci\u00f3n debe avisarnos con un m\u00ednimo de 10 d\u00edas.<\/span>[\/vc_toggle][vc_toggle title=\u00bb\u00bfPUEDO RECIBIR VISITAS?\u00bb color=\u00bbwhite\u00bb custom_font_container=\u00bbtag:h2|text_align:left|color:%23FFFFFF\u00bb custom_use_theme_fonts=\u00bbyes\u00bb css=\u00bb\u00bb use_custom_heading=\u00bbtrue\u00bb]<span style=\"color: #ffffff;\">Si puede, pero cada visita debe pagar un costo de $5.000 por persona, lo que incluye pasar el d\u00eda en nuestra instalaciones<\/span>[\/vc_toggle][vc_toggle title=\u00bb\u00bfCOMO ES EL SERVICIO DE TINAJA?\u00bb color=\u00bbwhite\u00bb custom_font_container=\u00bbtag:h2|text_align:left|color:%23FFFFFF\u00bb custom_use_theme_fonts=\u00bbyes\u00bb css=\u00bb\u00bb use_custom_heading=\u00bbtrue\u00bb]<span style=\"color: #ffffff;\">La tinaja tiene un valor adicional de $45.000. Nosotros se la preparamos y su uso es ilimitado durante el d\u00eda. Debe avisarnos con 1 d\u00eda de anticipaci\u00f3n ya que calentarla demora entre 5 a 6 horas. Una vez entregada la tinaja Ud debe preocuparse mantener el agua caliente con los palos adicionales que le dejamos de cortes\u00eda<\/span>[\/vc_toggle][vc_toggle title=\u00bb\u00bfQUE SUCEDE SI QUIEBRO ALGO?\u00bb color=\u00bbwhite\u00bb custom_font_container=\u00bbtag:h2|text_align:left|color:%23FFFFFF\u00bb custom_use_theme_fonts=\u00bbyes\u00bb css=\u00bb\u00bb use_custom_heading=\u00bbtrue\u00bb]<span style=\"color: #ffffff;\">Cualquier da\u00f1o ocasionado a los domos que sea de responsabilidad el hu\u00e9sped debe ser aviso a la administraci\u00f3n para evaluar el costo a cubrir<\/span>[\/vc_toggle][vc_toggle title=\u00bb\u00bfCOMO ES LA SE\u00d1AL DE CELULAR?\u00bb color=\u00bbwhite\u00bb custom_font_container=\u00bbtag:h2|text_align:left|color:%23FFFFFF\u00bb custom_use_theme_fonts=\u00bbyes\u00bb css=\u00bb\u00bb use_custom_heading=\u00bbtrue\u00bb]<span style=\"color: #ffffff;\">La se\u00f1al de celular en general es buena, todas las compa\u00f1ias tienen coberturas, unas m\u00e1s que otras.<\/span>[\/vc_toggle][vc_toggle title=\u00bb\u00bfCOMO ES LA DISTRIBUCI\u00d3N DE LAS CAMAS?\u00bb color=\u00bbwhite\u00bb custom_font_container=\u00bbtag:h2|text_align:left|color:%23FFFFFF\u00bb custom_use_theme_fonts=\u00bbyes\u00bb css=\u00bb\u00bb use_custom_heading=\u00bbtrue\u00bb]<span style=\"color: #ffffff;\">En el primer piso hay una habitaci\u00f3n privada matrimonial y en el 2do piso hay 5 camas de 1 plaza y media en un espacio abierto<\/span>[\/vc_toggle][vc_toggle title=\u00bb\u00bfQUE MEDIO DE PAGO TIENEN?\u00bb color=\u00bbwhite\u00bb custom_font_container=\u00bbtag:h2|text_align:left|color:%23FFFFFF\u00bb custom_use_theme_fonts=\u00bbyes\u00bb css=\u00bb\u00bb use_custom_heading=\u00bbtrue\u00bb]<span style=\"color: #ffffff;\"><strong>NACIONAL<\/strong><\/span><\/p>\n<ul>\n<li><span style=\"color: #ffffff;\">EFECTIVO (NACIONAL O D\u00d3LARES)<\/span><\/li>\n<li><span style=\"color: #ffffff;\">TRANSFERENCIA<\/span><\/li>\n<li><span style=\"color: #ffffff;\">TARJETA DE CREDITO A TRAVES DE WEBPAY.CL<\/span><\/li>\n<\/ul>\n<p>&nbsp;<\/p>\n<p><span style=\"color: #ffffff;\"><strong>INTERNACIONALES<\/strong><\/span><\/p>\n<ul>\n<li><span style=\"color: #ffffff;\">MERCADO PAGO<\/span><\/li>\n<li><span style=\"color: #ffffff;\">PAYPAL<\/span><\/li>\n<li><span style=\"color: #ffffff;\">WESTER UNION<\/span><\/li>\n<li><span style=\"color: #ffffff;\">TRANSFERENCIAS BANCARIAS CON CODIGO SWIFT<\/span><\/li>\n<li><span style=\"color: #ffffff;\">AIRBNB<\/span><\/li>\n<\/ul>\n<p>[\/vc_toggle][vc_toggle title=\u00bb\u00bfQUE HACER Y VISITAR EN CURI\u00d1ANCO?\u00bb color=\u00bbwhite\u00bb custom_font_container=\u00bbtag:h2|text_align:left|color:%23FFFFFF\u00bb custom_use_theme_fonts=\u00bbyes\u00bb css=\u00bb\u00bb use_custom_heading=\u00bbtrue\u00bb]<span style=\"color: #ffffff;\">En nuestra p\u00e1gina Web preparamos una secci\u00f3n llamada \u00abCuri\u00f1anco\u00bb para que nuestros hu\u00e9spedes puedan informarse de las actividades a realizar<\/span>[\/vc_toggle][\/vc_column][\/vc_row][vc_row][vc_column][vc_separator color=\u00bbwhite\u00bb border_width=\u00bb10&#8243; css=\u00bb\u00bb]<div id=\"ultimate-heading-470669f34da866239\" class=\"uvc-heading ult-adjust-bottom-margin ultimate-heading-470669f34da866239 uvc-5705  uvc-heading-default-font-sizes\" data-hspacer=\"icon_only\"  data-halign=\"center\" style=\"text-align:center\"><div class=\"uvc-heading-spacer icon_only\" style=\"top\"><div class=\"ult-just-icon-wrapper  \"><div class=\"align-icon\" style=\"text-align:center;\">\n<div class=\"aio-icon none \"  style=\"font-size:32px;display:inline-block;\">\n\t<i class=\"icomoon-the7-font-instagram\"><\/i>\n<\/div><\/div><\/div><\/div><div class=\"uvc-main-heading ult-responsive\"  data-ultimate-target='.uvc-heading.ultimate-heading-470669f34da866239 h2'  data-responsive-json-new='{\"font-size\":\"\",\"line-height\":\"\"}' ><h2 style=\"--font-weight:theme;\">S\u00cdGUENOS EN NUESTROS INSTAGRAM<\/h2><\/div><\/div>[vc_separator color=\u00bbwhite\u00bb border_width=\u00bb10&#8243; css=\u00bb\u00bb][vc_raw_html css=\u00bb\u00bb]JTVCaW5zdGFncmFtLWZlZWQlMjBmZWVkJTNEMSU1RA==[\/vc_raw_html][\/vc_column][\/vc_row][vc_row][vc_column][vc_separator color=\u00bbwhite\u00bb border_width=\u00bb10&#8243; css=\u00bb\u00bb]<div id=\"ultimate-heading-183969f34da86628b\" class=\"uvc-heading ult-adjust-bottom-margin ultimate-heading-183969f34da86628b uvc-593  uvc-heading-default-font-sizes\" data-hspacer=\"icon_only\"  data-halign=\"center\" style=\"text-align:center\"><div class=\"uvc-heading-spacer icon_only\" style=\"top\"><div class=\"ult-just-icon-wrapper  \"><div class=\"align-icon\" style=\"text-align:center;\">\n<div class=\"aio-icon none \"  style=\"font-size:32px;display:inline-block;\">\n\t<i class=\"icomoon-icomoonfree-16x16-star-empty\"><\/i>\n<\/div><\/div><\/div><\/div><div class=\"uvc-main-heading ult-responsive\"  data-ultimate-target='.uvc-heading.ultimate-heading-183969f34da86628b h2'  data-responsive-json-new='{\"font-size\":\"\",\"line-height\":\"\"}' ><h2 style=\"--font-weight:theme;\">EVALUACION Y RESE\u00d1AS DE NUESTROS HUESPEDES<\/h2><\/div><\/div>[vc_separator color=\u00bbwhite\u00bb border_width=\u00bb10&#8243; css=\u00bb\u00bb][vc_raw_html]JTVCdHJ1c3RpbmRleCUyMG5vLXJlZ2lzdHJhdGlvbiUzRGdvb2dsZSU1RA==[\/vc_raw_html][\/vc_column][\/vc_row]<\/p>\n<\/div>","protected":false},"excerpt":{"rendered":"<p>[vc_row full_width=\u00bbstretch_row\u00bb bg_type=\u00bbimage\u00bb parallax_style=\u00bbvcpb-default\u00bb bg_image_new=\u00bbid^2334|url^https:\/\/domoscurinanco.cl\/wp-content\/uploads\/2026\/03\/fondo.jpg|caption^null|alt^null|title^fondo|description^null\u00bb type=\u00bbvc_default\u00bb css=\u00bb.vc_custom_1774908328427{padding-top: 70px !important;padding-bottom: 20px !important;}\u00bb][vc_column css=\u00bb.vc_custom_1774906563958{padding-bottom: 10px !important;}\u00bb][vc_separator color=\u00bbwhite\u00bb css=\u00bb\u00bb][vc_separator color=\u00bbwhite\u00bb css=\u00bb\u00bb][vc_column_text css=\u00bb.vc_custom_1775222685773{padding-bottom: 10px !important;}\u00bb] Te damos la bienvenida a un lugar donde la naturaleza, el descanso y la belleza del sur de Chile se encuentran frente al mar. En Domos Curi\u00f1anco hemos creado un espacio pensado para quienes&hellip;<\/p>\n","protected":false},"author":1,"featured_media":0,"parent":0,"menu_order":0,"comment_status":"closed","ping_status":"closed","template":"","meta":{"footnotes":""},"class_list":["post-363","page","type-page","status-publish","hentry","description-off"],"yoast_head":"<!-- This site is optimized with the Yoast SEO plugin v27.5 - https:\/\/yoast.com\/product\/yoast-seo-wordpress\/ -->\n<title>Home - Domos Curi\u00f1anco, Vista al mar, Valdivia - Chile<\/title>\n<meta name=\"robots\" content=\"index, follow, max-snippet:-1, max-image-preview:large, max-video-preview:-1\" \/>\n<link rel=\"canonical\" href=\"https:\/\/domoscurinanco.cl\/\" \/>\n<meta property=\"og:locale\" content=\"es_ES\" \/>\n<meta property=\"og:type\" content=\"article\" \/>\n<meta property=\"og:title\" content=\"Home - Domos Curi\u00f1anco, Vista al mar, Valdivia - Chile\" \/>\n<meta property=\"og:description\" content=\"[vc_row full_width=\u00bbstretch_row\u00bb bg_type=\u00bbimage\u00bb parallax_style=\u00bbvcpb-default\u00bb bg_image_new=\u00bbid^2334|url^https:\/\/domoscurinanco.cl\/wp-content\/uploads\/2026\/03\/fondo.jpg|caption^null|alt^null|title^fondo|description^null\u00bb type=\u00bbvc_default\u00bb css=\u00bb.vc_custom_1774908328427{padding-top: 70px !important;padding-bottom: 20px !important;}\u00bb][vc_column css=\u00bb.vc_custom_1774906563958{padding-bottom: 10px !important;}\u00bb][vc_separator color=\u00bbwhite\u00bb css=\u00bb\u00bb][vc_separator color=\u00bbwhite\u00bb css=\u00bb\u00bb][vc_column_text css=\u00bb.vc_custom_1775222685773{padding-bottom: 10px !important;}\u00bb] Te damos la bienvenida a un lugar donde la naturaleza, el descanso y la belleza del sur de Chile se encuentran frente al mar. En Domos Curi\u00f1anco hemos creado un espacio pensado para quienes&hellip;\" \/>\n<meta property=\"og:url\" content=\"https:\/\/domoscurinanco.cl\/\" \/>\n<meta property=\"og:site_name\" content=\"Domos Curi\u00f1anco, Vista al mar, Valdivia - Chile\" \/>\n<meta property=\"article:publisher\" content=\"https:\/\/www.facebook.com\/domoscuri\" \/>\n<meta property=\"article:modified_time\" content=\"2026-04-16T04:38:56+00:00\" \/>\n<meta property=\"og:image\" content=\"https:\/\/domoscurinanco.cl\/wp-content\/uploads\/2026\/03\/DSC01842-scaled.jpg\" \/>\n\t<meta property=\"og:image:width\" content=\"2560\" \/>\n\t<meta property=\"og:image:height\" content=\"1707\" \/>\n\t<meta property=\"og:image:type\" content=\"image\/jpeg\" \/>\n<meta name=\"twitter:card\" content=\"summary_large_image\" \/>\n<meta name=\"twitter:label1\" content=\"Tiempo de lectura\" \/>\n\t<meta name=\"twitter:data1\" content=\"9 minutos\" \/>\n<script type=\"application\/ld+json\" class=\"yoast-schema-graph\">{\"@context\":\"https:\\\/\\\/schema.org\",\"@graph\":[{\"@type\":\"WebPage\",\"@id\":\"https:\\\/\\\/domoscurinanco.cl\\\/\",\"url\":\"https:\\\/\\\/domoscurinanco.cl\\\/\",\"name\":\"Home - Domos Curi\u00f1anco, Vista al mar, Valdivia - Chile\",\"isPartOf\":{\"@id\":\"https:\\\/\\\/domoscurinanco.cl\\\/#website\"},\"datePublished\":\"2016-01-29T09:51:22+00:00\",\"dateModified\":\"2026-04-16T04:38:56+00:00\",\"breadcrumb\":{\"@id\":\"https:\\\/\\\/domoscurinanco.cl\\\/#breadcrumb\"},\"inLanguage\":\"es\",\"potentialAction\":[{\"@type\":\"ReadAction\",\"target\":[\"https:\\\/\\\/domoscurinanco.cl\\\/\"]}]},{\"@type\":\"BreadcrumbList\",\"@id\":\"https:\\\/\\\/domoscurinanco.cl\\\/#breadcrumb\",\"itemListElement\":[{\"@type\":\"ListItem\",\"position\":1,\"name\":\"Portada\",\"item\":\"https:\\\/\\\/domoscurinanco.cl\\\/\"},{\"@type\":\"ListItem\",\"position\":2,\"name\":\"Home\"}]},{\"@type\":\"WebSite\",\"@id\":\"https:\\\/\\\/domoscurinanco.cl\\\/#website\",\"url\":\"https:\\\/\\\/domoscurinanco.cl\\\/\",\"name\":\"domoscurinanco.cl\",\"description\":\"Domos tipo caba\u00f1as para 8 personas con tinajas privadas, vista al mar y bajada a la playa, en Curi\u00f1anco, Valdivia, Regi\u00f3n de Los R\u00edos, Chile\",\"publisher\":{\"@id\":\"https:\\\/\\\/domoscurinanco.cl\\\/#organization\"},\"potentialAction\":[{\"@type\":\"SearchAction\",\"target\":{\"@type\":\"EntryPoint\",\"urlTemplate\":\"https:\\\/\\\/domoscurinanco.cl\\\/?s={search_term_string}\"},\"query-input\":{\"@type\":\"PropertyValueSpecification\",\"valueRequired\":true,\"valueName\":\"search_term_string\"}}],\"inLanguage\":\"es\"},{\"@type\":\"Organization\",\"@id\":\"https:\\\/\\\/domoscurinanco.cl\\\/#organization\",\"name\":\"Domos Curi\u00f1anco, Vista al mar, Valdivia - Chile\",\"url\":\"https:\\\/\\\/domoscurinanco.cl\\\/\",\"logo\":{\"@type\":\"ImageObject\",\"inLanguage\":\"es\",\"@id\":\"https:\\\/\\\/domoscurinanco.cl\\\/#\\\/schema\\\/logo\\\/image\\\/\",\"url\":\"https:\\\/\\\/domoscurinanco.cl\\\/wp-content\\\/uploads\\\/2026\\\/04\\\/logo-01-scaled.png\",\"contentUrl\":\"https:\\\/\\\/domoscurinanco.cl\\\/wp-content\\\/uploads\\\/2026\\\/04\\\/logo-01-scaled.png\",\"width\":2560,\"height\":2144,\"caption\":\"Domos Curi\u00f1anco, Vista al mar, Valdivia - Chile\"},\"image\":{\"@id\":\"https:\\\/\\\/domoscurinanco.cl\\\/#\\\/schema\\\/logo\\\/image\\\/\"},\"sameAs\":[\"https:\\\/\\\/www.facebook.com\\\/domoscuri\",\"https:\\\/\\\/www.instagram.com\\\/domos_curinanco\\\/\"]}]}<\/script>\n<!-- \/ Yoast SEO plugin. -->","yoast_head_json":{"title":"Home - Domos Curi\u00f1anco, Vista al mar, Valdivia - Chile","robots":{"index":"index","follow":"follow","max-snippet":"max-snippet:-1","max-image-preview":"max-image-preview:large","max-video-preview":"max-video-preview:-1"},"canonical":"https:\/\/domoscurinanco.cl\/","og_locale":"es_ES","og_type":"article","og_title":"Home - Domos Curi\u00f1anco, Vista al mar, Valdivia - Chile","og_description":"[vc_row full_width=\u00bbstretch_row\u00bb bg_type=\u00bbimage\u00bb parallax_style=\u00bbvcpb-default\u00bb bg_image_new=\u00bbid^2334|url^https:\/\/domoscurinanco.cl\/wp-content\/uploads\/2026\/03\/fondo.jpg|caption^null|alt^null|title^fondo|description^null\u00bb type=\u00bbvc_default\u00bb css=\u00bb.vc_custom_1774908328427{padding-top: 70px !important;padding-bottom: 20px !important;}\u00bb][vc_column css=\u00bb.vc_custom_1774906563958{padding-bottom: 10px !important;}\u00bb][vc_separator color=\u00bbwhite\u00bb css=\u00bb\u00bb][vc_separator color=\u00bbwhite\u00bb css=\u00bb\u00bb][vc_column_text css=\u00bb.vc_custom_1775222685773{padding-bottom: 10px !important;}\u00bb] Te damos la bienvenida a un lugar donde la naturaleza, el descanso y la belleza del sur de Chile se encuentran frente al mar. En Domos Curi\u00f1anco hemos creado un espacio pensado para quienes&hellip;","og_url":"https:\/\/domoscurinanco.cl\/","og_site_name":"Domos Curi\u00f1anco, Vista al mar, Valdivia - Chile","article_publisher":"https:\/\/www.facebook.com\/domoscuri","article_modified_time":"2026-04-16T04:38:56+00:00","og_image":[{"width":2560,"height":1707,"url":"https:\/\/domoscurinanco.cl\/wp-content\/uploads\/2026\/03\/DSC01842-scaled.jpg","type":"image\/jpeg"}],"twitter_card":"summary_large_image","twitter_misc":{"Tiempo de lectura":"9 minutos"},"schema":{"@context":"https:\/\/schema.org","@graph":[{"@type":"WebPage","@id":"https:\/\/domoscurinanco.cl\/","url":"https:\/\/domoscurinanco.cl\/","name":"Home - Domos Curi\u00f1anco, Vista al mar, Valdivia - Chile","isPartOf":{"@id":"https:\/\/domoscurinanco.cl\/#website"},"datePublished":"2016-01-29T09:51:22+00:00","dateModified":"2026-04-16T04:38:56+00:00","breadcrumb":{"@id":"https:\/\/domoscurinanco.cl\/#breadcrumb"},"inLanguage":"es","potentialAction":[{"@type":"ReadAction","target":["https:\/\/domoscurinanco.cl\/"]}]},{"@type":"BreadcrumbList","@id":"https:\/\/domoscurinanco.cl\/#breadcrumb","itemListElement":[{"@type":"ListItem","position":1,"name":"Portada","item":"https:\/\/domoscurinanco.cl\/"},{"@type":"ListItem","position":2,"name":"Home"}]},{"@type":"WebSite","@id":"https:\/\/domoscurinanco.cl\/#website","url":"https:\/\/domoscurinanco.cl\/","name":"domoscurinanco.cl","description":"Domos tipo caba\u00f1as para 8 personas con tinajas privadas, vista al mar y bajada a la playa, en Curi\u00f1anco, Valdivia, Regi\u00f3n de Los R\u00edos, Chile","publisher":{"@id":"https:\/\/domoscurinanco.cl\/#organization"},"potentialAction":[{"@type":"SearchAction","target":{"@type":"EntryPoint","urlTemplate":"https:\/\/domoscurinanco.cl\/?s={search_term_string}"},"query-input":{"@type":"PropertyValueSpecification","valueRequired":true,"valueName":"search_term_string"}}],"inLanguage":"es"},{"@type":"Organization","@id":"https:\/\/domoscurinanco.cl\/#organization","name":"Domos Curi\u00f1anco, Vista al mar, Valdivia - Chile","url":"https:\/\/domoscurinanco.cl\/","logo":{"@type":"ImageObject","inLanguage":"es","@id":"https:\/\/domoscurinanco.cl\/#\/schema\/logo\/image\/","url":"https:\/\/domoscurinanco.cl\/wp-content\/uploads\/2026\/04\/logo-01-scaled.png","contentUrl":"https:\/\/domoscurinanco.cl\/wp-content\/uploads\/2026\/04\/logo-01-scaled.png","width":2560,"height":2144,"caption":"Domos Curi\u00f1anco, Vista al mar, Valdivia - Chile"},"image":{"@id":"https:\/\/domoscurinanco.cl\/#\/schema\/logo\/image\/"},"sameAs":["https:\/\/www.facebook.com\/domoscuri","https:\/\/www.instagram.com\/domos_curinanco\/"]}]}},"_links":{"self":[{"href":"https:\/\/domoscurinanco.cl\/index.php\/wp-json\/wp\/v2\/pages\/363","targetHints":{"allow":["GET"]}}],"collection":[{"href":"https:\/\/domoscurinanco.cl\/index.php\/wp-json\/wp\/v2\/pages"}],"about":[{"href":"https:\/\/domoscurinanco.cl\/index.php\/wp-json\/wp\/v2\/types\/page"}],"author":[{"embeddable":true,"href":"https:\/\/domoscurinanco.cl\/index.php\/wp-json\/wp\/v2\/users\/1"}],"replies":[{"embeddable":true,"href":"https:\/\/domoscurinanco.cl\/index.php\/wp-json\/wp\/v2\/comments?post=363"}],"version-history":[{"count":95,"href":"https:\/\/domoscurinanco.cl\/index.php\/wp-json\/wp\/v2\/pages\/363\/revisions"}],"predecessor-version":[{"id":2412,"href":"https:\/\/domoscurinanco.cl\/index.php\/wp-json\/wp\/v2\/pages\/363\/revisions\/2412"}],"wp:attachment":[{"href":"https:\/\/domoscurinanco.cl\/index.php\/wp-json\/wp\/v2\/media?parent=363"}],"curies":[{"name":"wp","href":"https:\/\/api.w.org\/{rel}","templated":true}]}}